{"id":1827,"date":"2023-05-26T02:45:06","date_gmt":"2023-05-26T02:45:06","guid":{"rendered":"https:\/\/test2.honstyle.com\/?page_id=1827"},"modified":"2026-03-31T01:56:45","modified_gmt":"2026-03-31T01:56:45","slug":"news","status":"publish","type":"page","link":"https:\/\/www.iocharger.com\/sv\/news\/","title":{"rendered":"Nyheter"},"content":{"rendered":"<div data-elementor-type=\"wp-page\" data-elementor-id=\"1827\" class=\"elementor elementor-1827\" data-elementor-post-type=\"page\">\n\t\t\t\t\t\t<section class=\"elementor-section elementor-top-section elementor-element elementor-element-3e2c7ed elementor-section-boxed elementor-section-height-default elementor-section-height-default\" data-id=\"3e2c7ed\" data-element_type=\"section\">\n\t\t\t\t\t\t<div class=\"elementor-container elementor-column-gap-default\">\n\t\t\t\t\t<div class=\"elementor-column elementor-col-50 elementor-top-column elementor-element elementor-element-906e4dc\" data-id=\"906e4dc\" data-element_type=\"column\">\n\t\t\t<div class=\"elementor-widget-wrap elementor-element-populated\">\n\t\t\t\t\t\t<div class=\"elementor-element elementor-element-21e8998 elementor-widget elementor-widget-heading\" data-id=\"21e8998\" data-element_type=\"widget\" data-widget_type=\"heading.default\">\n\t\t\t\t\t<span class=\"elementor-heading-title elementor-size-default elementor-heading-title\">Kategorier<\/span>\t\t\t\t<\/div>\n\t\t\t\t<div class=\"elementor-element elementor-element-3d8004b elementor-widget elementor-widget-sm-menu\" data-id=\"3d8004b\" data-element_type=\"widget\" data-widget_type=\"sm-menu.default\">\n\t\t\t\t<div class=\"elementor-widget-container\">\n\t\t\t\t\t<div id=\"elementor-header-primary\" class=\"elementor-header\">\t\t\t<button class=\"sm_menu_toggle\"><i class=\"ti ti-menu\"><\/i><\/button>\n\t\t\t<a class=\"sm_menu_toggle_close\" href=\"#\"><i class=\"ti ti-close\"><\/i><\/a>\n\t\t\t<div id=\"sm_menu\" class=\"sm_menu\">\n\t\t\t\n\t\t\t\t<nav itemtype=\"http:\/\/schema.org\/SiteNavigationElement\" itemscope=\"itemscope\" id=\"elementor-navigation\" class=\"elementor-navigation\" role=\"navigation\" aria-label=\"Elementor-meny\">\t\t\t\t\n\t\t\t\t<ul id=\"sm_nav_menu\" class=\"sm_nav_menu\"><li id=\"menu-item-8096\" class=\"menu-item menu-item-type-taxonomy menu-item-object-category menu-item-8096\"><a href=\"https:\/\/www.iocharger.com\/sv\/category\/research\/\">Forskning<\/a><\/li>\n<li id=\"menu-item-8097\" class=\"menu-item menu-item-type-taxonomy menu-item-object-category menu-item-8097\"><a href=\"https:\/\/www.iocharger.com\/sv\/category\/company-news\/\">F\u00f6retagsnyheter<\/a><\/li>\n<li id=\"menu-item-8098\" class=\"menu-item menu-item-type-taxonomy menu-item-object-category menu-item-8098\"><a href=\"https:\/\/www.iocharger.com\/sv\/category\/product-news\/\">Produktnyheter<\/a><\/li>\n<li id=\"menu-item-8099\" class=\"menu-item menu-item-type-taxonomy menu-item-object-category menu-item-8099\"><a href=\"https:\/\/www.iocharger.com\/sv\/category\/exhibition-news\/\">Utst\u00e4llningsnyheter<\/a><\/li>\n<\/ul>\t\t\t\t<\/nav>\n\n\t\t\t<\/div>\n\t\t<\/div>\n\t\t\n\n\t\t\t\t\t<\/div>\n\t\t\t\t<\/div>\n\t\t\t\t\t<\/div>\n\t\t<\/div>\n\t\t\t\t<div class=\"elementor-column elementor-col-50 elementor-top-column elementor-element elementor-element-115a910\" data-id=\"115a910\" data-element_type=\"column\">\n\t\t\t<div class=\"elementor-widget-wrap elementor-element-populated\">\n\t\t\t\t\t\t<div class=\"elementor-element elementor-element-3e0b0dc elementor-grid-2 elementor-grid-tablet-2 elementor-grid-mobile-1 elementor-posts--thumbnail-top elementor-widget elementor-widget-posts\" data-id=\"3e0b0dc\" data-element_type=\"widget\" data-settings=\"{&quot;classic_columns&quot;:&quot;2&quot;,&quot;pagination_type&quot;:&quot;numbers&quot;,&quot;classic_columns_tablet&quot;:&quot;2&quot;,&quot;classic_columns_mobile&quot;:&quot;1&quot;,&quot;classic_row_gap&quot;:{&quot;unit&quot;:&quot;px&quot;,&quot;size&quot;:35,&quot;sizes&quot;:[]},&quot;classic_row_gap_tablet&quot;:{&quot;unit&quot;:&quot;px&quot;,&quot;size&quot;:&quot;&quot;,&quot;sizes&quot;:[]},&quot;classic_row_gap_mobile&quot;:{&quot;unit&quot;:&quot;px&quot;,&quot;size&quot;:&quot;&quot;,&quot;sizes&quot;:[]}}\" data-widget_type=\"posts.classic\">\n\t\t\t\t<div class=\"elementor-widget-container\">\n\t\t\t\t\t\t\t<div class=\"elementor-posts-container elementor-posts elementor-posts--skin-classic elementor-grid\" role=\"list\">\n\t\t\t\t<article class=\"elementor-post elementor-grid-item post-9637 post type-post status-publish format-standard has-post-thumbnail hentry category-exhibition-news tag-ev-charging-summit-expo-2026 tag-iocharger-evcs-2026\" role=\"listitem\">\n\t\t\t\t<a class=\"elementor-post__thumbnail__link\" href=\"https:\/\/www.iocharger.com\/sv\/iocharger-showcases-advanced-ev-charging-solutions-at-ev-charging-summit-expo-2026\/\" tabindex=\"-1\">\n\t\t\t<div class=\"elementor-post__thumbnail\"><img fetchpriority=\"high\" decoding=\"async\" width=\"750\" height=\"600\" src=\"https:\/\/www.iocharger.com\/wp-content\/uploads\/2026\/03\/EV-Charging-Summit-Expo-2026.webp\" class=\"attachment-full size-full wp-image-9638\" alt=\"EV Charging Summit &amp; Expo 2026\" srcset=\"https:\/\/www.iocharger.com\/wp-content\/uploads\/2026\/03\/EV-Charging-Summit-Expo-2026.webp 750w, https:\/\/www.iocharger.com\/wp-content\/uploads\/2026\/03\/EV-Charging-Summit-Expo-2026-300x240.webp 300w, https:\/\/www.iocharger.com\/wp-content\/uploads\/2026\/03\/EV-Charging-Summit-Expo-2026-15x12.webp 15w, https:\/\/www.iocharger.com\/wp-content\/uploads\/2026\/03\/EV-Charging-Summit-Expo-2026-285x228.webp 285w, https:\/\/www.iocharger.com\/wp-content\/uploads\/2026\/03\/EV-Charging-Summit-Expo-2026-660x528.webp 660w, https:\/\/www.iocharger.com\/wp-content\/uploads\/2026\/03\/EV-Charging-Summit-Expo-2026-150x120.webp 150w\" sizes=\"(max-width: 750px) 100vw, 750px\" \/><\/div>\n\t\t<\/a>\n\t\t\t\t<div class=\"elementor-post__text\">\n\t\t\t\t<h3 class=\"elementor-post__title\">\n\t\t\t<a href=\"https:\/\/www.iocharger.com\/sv\/iocharger-showcases-advanced-ev-charging-solutions-at-ev-charging-summit-expo-2026\/\">\n\t\t\t\tIocharger visar upp avancerade laddl\u00f6sningar f\u00f6r elbilar p\u00e5 EV Charging Summit &amp; Expo 2026\t\t\t<\/a>\n\t\t<\/h3>\n\t\t\t\t<div class=\"elementor-post__meta-data\">\n\t\t\t\t\t<span class=\"elementor-post-date\">\n\t\t\t20 mars 2026\t\t<\/span>\n\t\t\t\t<\/div>\n\t\t\t\t<div class=\"elementor-post__excerpt\">\n\t\t\t<p>Den 18-19 mars deltog Iocharger i EV Charging Summit &amp; Expo 2026, ett ledande evenemang inom den globala<\/p>\n\t\t<\/div>\n\t\t\n\t\t<a class=\"elementor-post__read-more\" href=\"https:\/\/www.iocharger.com\/sv\/iocharger-showcases-advanced-ev-charging-solutions-at-ev-charging-summit-expo-2026\/\" aria-label=\"L\u00e4s mer om Iocharger Showcases Advanced EV Charging Solutions at EV Charging Summit &#038; Expo 2026\" tabindex=\"-1\">\n\t\t\tL\u00e4s mer \u00bb\t\t<\/a>\n\n\t\t\t\t<\/div>\n\t\t\t\t<\/article>\n\t\t\t\t<article class=\"elementor-post elementor-grid-item post-9517 post type-post status-publish format-standard has-post-thumbnail hentry category-exhibition-news tag-ev-charging-summit-expo-2026 tag-iocharger-evcs-2026\" role=\"listitem\">\n\t\t\t\t<a class=\"elementor-post__thumbnail__link\" href=\"https:\/\/www.iocharger.com\/sv\/iocharger-to-participate-in-evcs-2026-las-vegas\/\" tabindex=\"-1\">\n\t\t\t<div class=\"elementor-post__thumbnail\"><img decoding=\"async\" width=\"750\" height=\"600\" src=\"https:\/\/www.iocharger.com\/wp-content\/uploads\/2026\/03\/iocharger-EVCS-2026.jpg\" class=\"attachment-full size-full wp-image-9523\" alt=\"iocharger EVCS 2026\" srcset=\"https:\/\/www.iocharger.com\/wp-content\/uploads\/2026\/03\/iocharger-EVCS-2026.jpg 750w, https:\/\/www.iocharger.com\/wp-content\/uploads\/2026\/03\/iocharger-EVCS-2026-300x240.jpg 300w, https:\/\/www.iocharger.com\/wp-content\/uploads\/2026\/03\/iocharger-EVCS-2026-15x12.jpg 15w, https:\/\/www.iocharger.com\/wp-content\/uploads\/2026\/03\/iocharger-EVCS-2026-285x228.jpg 285w, https:\/\/www.iocharger.com\/wp-content\/uploads\/2026\/03\/iocharger-EVCS-2026-660x528.jpg 660w, https:\/\/www.iocharger.com\/wp-content\/uploads\/2026\/03\/iocharger-EVCS-2026-150x120.jpg 150w\" sizes=\"(max-width: 750px) 100vw, 750px\" \/><\/div>\n\t\t<\/a>\n\t\t\t\t<div class=\"elementor-post__text\">\n\t\t\t\t<h3 class=\"elementor-post__title\">\n\t\t\t<a href=\"https:\/\/www.iocharger.com\/sv\/iocharger-to-participate-in-evcs-2026-las-vegas\/\">\n\t\t\t\tIocharger deltar i EVCS 2026 i Las Vegas\t\t\t<\/a>\n\t\t<\/h3>\n\t\t\t\t<div class=\"elementor-post__meta-data\">\n\t\t\t\t\t<span class=\"elementor-post-date\">\n\t\t\t4 mars 2026\t\t<\/span>\n\t\t\t\t<\/div>\n\t\t\t\t<div class=\"elementor-post__excerpt\">\n\t\t\t<p>Iocharger kommer att n\u00e4rvara vid EV Charging Summit &amp; Expo 2026 i Las Vegas, USA, den 18-19 mars, p\u00e5<\/p>\n\t\t<\/div>\n\t\t\n\t\t<a class=\"elementor-post__read-more\" href=\"https:\/\/www.iocharger.com\/sv\/iocharger-to-participate-in-evcs-2026-las-vegas\/\" aria-label=\"L\u00e4s mer om Iocharger to Participate in EVCS 2026, Las Vegas\" tabindex=\"-1\">\n\t\t\tL\u00e4s mer \u00bb\t\t<\/a>\n\n\t\t\t\t<\/div>\n\t\t\t\t<\/article>\n\t\t\t\t<article class=\"elementor-post elementor-grid-item post-8865 post type-post status-publish format-standard has-post-thumbnail hentry category-company-news tag-ac-chargers-certified-by-germany-eichrecht tag-germany-eichrecht\" role=\"listitem\">\n\t\t\t\t<a class=\"elementor-post__thumbnail__link\" href=\"https:\/\/www.iocharger.com\/sv\/iocharger-among-first-ac-chargers-certified-by-germany-eichrecht\/\" tabindex=\"-1\">\n\t\t\t<div class=\"elementor-post__thumbnail\"><img decoding=\"async\" width=\"750\" height=\"600\" src=\"https:\/\/www.iocharger.com\/wp-content\/uploads\/2025\/12\/Iocharger-Germany-Eichrecht.jpg\" class=\"attachment-full size-full wp-image-8866\" alt=\"Iocharger Tyskland Eichrecht\" srcset=\"https:\/\/www.iocharger.com\/wp-content\/uploads\/2025\/12\/Iocharger-Germany-Eichrecht.jpg 750w, https:\/\/www.iocharger.com\/wp-content\/uploads\/2025\/12\/Iocharger-Germany-Eichrecht-300x240.jpg 300w, https:\/\/www.iocharger.com\/wp-content\/uploads\/2025\/12\/Iocharger-Germany-Eichrecht-285x228.jpg 285w, https:\/\/www.iocharger.com\/wp-content\/uploads\/2025\/12\/Iocharger-Germany-Eichrecht-660x528.jpg 660w, https:\/\/www.iocharger.com\/wp-content\/uploads\/2025\/12\/Iocharger-Germany-Eichrecht-150x120.jpg 150w\" sizes=\"(max-width: 750px) 100vw, 750px\" \/><\/div>\n\t\t<\/a>\n\t\t\t\t<div class=\"elementor-post__text\">\n\t\t\t\t<h3 class=\"elementor-post__title\">\n\t\t\t<a href=\"https:\/\/www.iocharger.com\/sv\/iocharger-among-first-ac-chargers-certified-by-germany-eichrecht\/\">\n\t\t\t\tIocharger bland de f\u00f6rsta AC-laddarna som certifieras av tyska Eichrecht\t\t\t<\/a>\n\t\t<\/h3>\n\t\t\t\t<div class=\"elementor-post__meta-data\">\n\t\t\t\t\t<span class=\"elementor-post-date\">\n\t\t\t2 december 2025\t\t<\/span>\n\t\t\t\t<\/div>\n\t\t\t\t<div class=\"elementor-post__excerpt\">\n\t\t\t<p>Iocharger har satt en ny standard f\u00f6r kinesiska tillverkare av laddningsstationer f\u00f6r elfordon n\u00e4r det g\u00e4ller efterlevnad av europeiska krav. Den 29 november 2025,<\/p>\n\t\t<\/div>\n\t\t\n\t\t<a class=\"elementor-post__read-more\" href=\"https:\/\/www.iocharger.com\/sv\/iocharger-among-first-ac-chargers-certified-by-germany-eichrecht\/\" aria-label=\"L\u00e4s mer om Iocharger Among First AC Chargers Certified by Germany Eichrecht\" tabindex=\"-1\">\n\t\t\tL\u00e4s mer \u00bb\t\t<\/a>\n\n\t\t\t\t<\/div>\n\t\t\t\t<\/article>\n\t\t\t\t<article class=\"elementor-post elementor-grid-item post-8857 post type-post status-publish format-standard has-post-thumbnail hentry category-ev-technology category-company-news tag-ac-high-level-charging tag-ac-interoperability-test tag-charin-testival-europe tag-iso15118-2-and-iso15118-20\" role=\"listitem\">\n\t\t\t\t<a class=\"elementor-post__thumbnail__link\" href=\"https:\/\/www.iocharger.com\/sv\/charin-testival-europe-2025-iocha20-ac-interoperability-test-report\/\" tabindex=\"-1\">\n\t\t\t<div class=\"elementor-post__thumbnail\"><img loading=\"lazy\" decoding=\"async\" width=\"750\" height=\"600\" src=\"https:\/\/www.iocharger.com\/wp-content\/uploads\/2025\/12\/CharIN-testival-europe.jpg\" class=\"attachment-full size-full wp-image-8859\" alt=\"CharIN testival Europa\" srcset=\"https:\/\/www.iocharger.com\/wp-content\/uploads\/2025\/12\/CharIN-testival-europe.jpg 750w, https:\/\/www.iocharger.com\/wp-content\/uploads\/2025\/12\/CharIN-testival-europe-300x240.jpg 300w, https:\/\/www.iocharger.com\/wp-content\/uploads\/2025\/12\/CharIN-testival-europe-285x228.jpg 285w, https:\/\/www.iocharger.com\/wp-content\/uploads\/2025\/12\/CharIN-testival-europe-660x528.jpg 660w, https:\/\/www.iocharger.com\/wp-content\/uploads\/2025\/12\/CharIN-testival-europe-150x120.jpg 150w\" sizes=\"(max-width: 750px) 100vw, 750px\" \/><\/div>\n\t\t<\/a>\n\t\t\t\t<div class=\"elementor-post__text\">\n\t\t\t\t<h3 class=\"elementor-post__title\">\n\t\t\t<a href=\"https:\/\/www.iocharger.com\/sv\/charin-testival-europe-2025-iocha20-ac-interoperability-test-report\/\">\n\t\t\t\tCharIN Testival Europe 2025 - IOCHA20 AC Testrapport f\u00f6r driftskompatibilitet\t\t\t<\/a>\n\t\t<\/h3>\n\t\t\t\t<div class=\"elementor-post__meta-data\">\n\t\t\t\t\t<span class=\"elementor-post-date\">\n\t\t\t1 december 2025\t\t<\/span>\n\t\t\t\t<\/div>\n\t\t\t\t<div class=\"elementor-post__excerpt\">\n\t\t\t<p>Under CharIN Testival Europe 2025 i Spanien genomf\u00f6rde vi en tre dagar l\u00e5ng serie interoperabilitetstester med fokus p\u00e5<\/p>\n\t\t<\/div>\n\t\t\n\t\t<a class=\"elementor-post__read-more\" href=\"https:\/\/www.iocharger.com\/sv\/charin-testival-europe-2025-iocha20-ac-interoperability-test-report\/\" aria-label=\"L\u00e4s mer om CharIN Testival Europe 2025 &#8211; IOCHA20 AC Interoperability Test Report\" tabindex=\"-1\">\n\t\t\tL\u00e4s mer \u00bb\t\t<\/a>\n\n\t\t\t\t<\/div>\n\t\t\t\t<\/article>\n\t\t\t\t<article class=\"elementor-post elementor-grid-item post-8493 post type-post status-publish format-standard has-post-thumbnail hentry category-exhibition-news tag-icnc25 tag-icnc25-iocharger\" role=\"listitem\">\n\t\t\t\t<a class=\"elementor-post__thumbnail__link\" href=\"https:\/\/www.iocharger.com\/sv\/icnc25-concludes-successfully\/\" tabindex=\"-1\">\n\t\t\t<div class=\"elementor-post__thumbnail\"><img loading=\"lazy\" decoding=\"async\" width=\"750\" height=\"600\" src=\"https:\/\/www.iocharger.com\/wp-content\/uploads\/2025\/11\/icnc25-iocharger.webp\" class=\"attachment-full size-full wp-image-8495\" alt=\"icnc25-iocharger\" srcset=\"https:\/\/www.iocharger.com\/wp-content\/uploads\/2025\/11\/icnc25-iocharger.webp 750w, https:\/\/www.iocharger.com\/wp-content\/uploads\/2025\/11\/icnc25-iocharger-300x240.webp 300w, https:\/\/www.iocharger.com\/wp-content\/uploads\/2025\/11\/icnc25-iocharger-285x228.webp 285w, https:\/\/www.iocharger.com\/wp-content\/uploads\/2025\/11\/icnc25-iocharger-660x528.webp 660w, https:\/\/www.iocharger.com\/wp-content\/uploads\/2025\/11\/icnc25-iocharger-150x120.webp 150w\" sizes=\"(max-width: 750px) 100vw, 750px\" \/><\/div>\n\t\t<\/a>\n\t\t\t\t<div class=\"elementor-post__text\">\n\t\t\t\t<h3 class=\"elementor-post__title\">\n\t\t\t<a href=\"https:\/\/www.iocharger.com\/sv\/icnc25-concludes-successfully\/\">\n\t\t\t\tICNC25 avslutas framg\u00e5ngsrikt\t\t\t<\/a>\n\t\t<\/h3>\n\t\t\t\t<div class=\"elementor-post__meta-data\">\n\t\t\t\t\t<span class=\"elementor-post-date\">\n\t\t\t5 september 2025\t\t<\/span>\n\t\t\t\t<\/div>\n\t\t\t\t<div class=\"elementor-post__excerpt\">\n\t\t\t<p>ICNC25 h\u00f6lls framg\u00e5ngsrikt i Berlin, Tyskland, den 2\u20134 september 2025. Iocharger hade \u00e4ran att delta.<\/p>\n\t\t<\/div>\n\t\t\n\t\t<a class=\"elementor-post__read-more\" href=\"https:\/\/www.iocharger.com\/sv\/icnc25-concludes-successfully\/\" aria-label=\"L\u00e4s mer om ICNC25 Concludes Successfully\" tabindex=\"-1\">\n\t\t\tL\u00e4s mer \u00bb\t\t<\/a>\n\n\t\t\t\t<\/div>\n\t\t\t\t<\/article>\n\t\t\t\t<article class=\"elementor-post elementor-grid-item post-8469 post type-post status-publish format-standard has-post-thumbnail hentry category-exhibition-news tag-icnc-25 tag-intercharge-network-conference\" role=\"listitem\">\n\t\t\t\t<a class=\"elementor-post__thumbnail__link\" href=\"https:\/\/www.iocharger.com\/sv\/iocharger-to-exhibit-at-intercharge-network-conference-icnc25\/\" tabindex=\"-1\">\n\t\t\t<div class=\"elementor-post__thumbnail\"><img loading=\"lazy\" decoding=\"async\" width=\"750\" height=\"600\" src=\"https:\/\/www.iocharger.com\/wp-content\/uploads\/2025\/07\/Intercharge-Network-Conference-ICNC25.webp\" class=\"attachment-full size-full wp-image-8471\" alt=\"Intercharge-Network-Conference-ICNC25\" srcset=\"https:\/\/www.iocharger.com\/wp-content\/uploads\/2025\/07\/Intercharge-Network-Conference-ICNC25.webp 750w, https:\/\/www.iocharger.com\/wp-content\/uploads\/2025\/07\/Intercharge-Network-Conference-ICNC25-300x240.webp 300w, https:\/\/www.iocharger.com\/wp-content\/uploads\/2025\/07\/Intercharge-Network-Conference-ICNC25-285x228.webp 285w, https:\/\/www.iocharger.com\/wp-content\/uploads\/2025\/07\/Intercharge-Network-Conference-ICNC25-660x528.webp 660w, https:\/\/www.iocharger.com\/wp-content\/uploads\/2025\/07\/Intercharge-Network-Conference-ICNC25-150x120.webp 150w\" sizes=\"(max-width: 750px) 100vw, 750px\" \/><\/div>\n\t\t<\/a>\n\t\t\t\t<div class=\"elementor-post__text\">\n\t\t\t\t<h3 class=\"elementor-post__title\">\n\t\t\t<a href=\"https:\/\/www.iocharger.com\/sv\/iocharger-to-exhibit-at-intercharge-network-conference-icnc25\/\">\n\t\t\t\tIocharger st\u00e4ller ut p\u00e5 Intercharge Network Conference (ICNC25) i Berlin\t\t\t<\/a>\n\t\t<\/h3>\n\t\t\t\t<div class=\"elementor-post__meta-data\">\n\t\t\t\t\t<span class=\"elementor-post-date\">\n\t\t\t31 juli 2025\t\t<\/span>\n\t\t\t\t<\/div>\n\t\t\t\t<div class=\"elementor-post__excerpt\">\n\t\t\t<p>Iocharger kommer att delta i den kommande Intercharge Network Conference (ICNC25), som arrangeras av Hubject och \u00e4ger rum den 2 september.<\/p>\n\t\t<\/div>\n\t\t\n\t\t<a class=\"elementor-post__read-more\" href=\"https:\/\/www.iocharger.com\/sv\/iocharger-to-exhibit-at-intercharge-network-conference-icnc25\/\" aria-label=\"L\u00e4s mer om Iocharger to Exhibit at Intercharge Network Conference (ICNC25) in Berlin\" tabindex=\"-1\">\n\t\t\tL\u00e4s mer \u00bb\t\t<\/a>\n\n\t\t\t\t<\/div>\n\t\t\t\t<\/article>\n\t\t\t\t<\/div>\n\t\t\n\t\t\t\t<div class=\"e-load-more-anchor\" data-page=\"1\" data-max-page=\"9\" data-next-page=\"https:\/\/www.iocharger.com\/wp-json\/wp\/v2\/pages\/1827\/page\/2\/\"><\/div>\n\t\t\t\t<nav class=\"elementor-pagination\" aria-label=\"Sidnumrering\">\n\t\t\t<span aria-current=\"page\" class=\"page-numbers current\"><span class=\"elementor-screen-only\">Sida<\/span>1<\/span>\n<a class=\"page-numbers\" href=\"https:\/\/www.iocharger.com\/wp-json\/wp\/v2\/pages\/1827\/page\/2\/\"><span class=\"elementor-screen-only\">Sida<\/span>2<\/a>\n<a class=\"page-numbers\" href=\"https:\/\/www.iocharger.com\/wp-json\/wp\/v2\/pages\/1827\/page\/3\/\"><span class=\"elementor-screen-only\">Sida<\/span>3<\/a>\n<a class=\"page-numbers\" href=\"https:\/\/www.iocharger.com\/wp-json\/wp\/v2\/pages\/1827\/page\/4\/\"><span class=\"elementor-screen-only\">Sida<\/span>4<\/a>\n<a class=\"page-numbers\" href=\"https:\/\/www.iocharger.com\/wp-json\/wp\/v2\/pages\/1827\/page\/5\/\"><span class=\"elementor-screen-only\">Sida<\/span>5<\/a>\n<a class=\"page-numbers\" href=\"https:\/\/www.iocharger.com\/wp-json\/wp\/v2\/pages\/1827\/page\/6\/\"><span class=\"elementor-screen-only\">Sida<\/span>6<\/a>\n<a class=\"page-numbers\" href=\"https:\/\/www.iocharger.com\/wp-json\/wp\/v2\/pages\/1827\/page\/7\/\"><span class=\"elementor-screen-only\">Sida<\/span>7<\/a>\n<a class=\"page-numbers\" href=\"https:\/\/www.iocharger.com\/wp-json\/wp\/v2\/pages\/1827\/page\/8\/\"><span class=\"elementor-screen-only\">Sida<\/span>8<\/a>\n<a class=\"page-numbers\" href=\"https:\/\/www.iocharger.com\/wp-json\/wp\/v2\/pages\/1827\/page\/9\/\"><span class=\"elementor-screen-only\">Sida<\/span>9<\/a>\t\t<\/nav>\n\t\t\t\t\t\t<\/div>\n\t\t\t\t<\/div>\n\t\t\t\t\t<\/div>\n\t\t<\/div>\n\t\t\t\t\t<\/div>\n\t\t<\/section>\n\t\t\t\t<\/div>","protected":false},"excerpt":{"rendered":"<p>Categories Forskning F\u00f6retagsnyheter Produktnyheter Utst\u00e4llningsnyheter<\/p>","protected":false},"author":1,"featured_media":0,"parent":0,"menu_order":0,"comment_status":"closed","ping_status":"closed","template":"elementor_header_footer","meta":{"_acf_changed":false,"footnotes":""},"class_list":["post-1827","page","type-page","status-publish","hentry"],"acf":[],"_links":{"self":[{"href":"https:\/\/www.iocharger.com\/sv\/wp-json\/wp\/v2\/pages\/1827","targetHints":{"allow":["GET"]}}],"collection":[{"href":"https:\/\/www.iocharger.com\/sv\/wp-json\/wp\/v2\/pages"}],"about":[{"href":"https:\/\/www.iocharger.com\/sv\/wp-json\/wp\/v2\/types\/page"}],"author":[{"embeddable":true,"href":"https:\/\/www.iocharger.com\/sv\/wp-json\/wp\/v2\/users\/1"}],"replies":[{"embeddable":true,"href":"https:\/\/www.iocharger.com\/sv\/wp-json\/wp\/v2\/comments?post=1827"}],"version-history":[{"count":1,"href":"https:\/\/www.iocharger.com\/sv\/wp-json\/wp\/v2\/pages\/1827\/revisions"}],"predecessor-version":[{"id":9755,"href":"https:\/\/www.iocharger.com\/sv\/wp-json\/wp\/v2\/pages\/1827\/revisions\/9755"}],"wp:attachment":[{"href":"https:\/\/www.iocharger.com\/sv\/wp-json\/wp\/v2\/media?parent=1827"}],"curies":[{"name":"wp","href":"https:\/\/api.w.org\/{rel}","templated":true}]}}