{"id":2090,"date":"2023-05-31T10:51:22","date_gmt":"2023-05-31T10:51:22","guid":{"rendered":"https:\/\/test2.honstyle.com\/?post_type=product&#038;p=2090"},"modified":"2025-12-30T03:12:47","modified_gmt":"2025-12-30T03:12:47","slug":"pedestal-2x7kw-2x22kw-dual-ac-commercial-ev-charger","status":"publish","type":"product","link":"https:\/\/www.iocharger.com\/pt\/pedestal-2x7kw-2x22kw-dual-ac-commercial-ev-charger\/","title":{"rendered":"OCPP 2.0.1 OCPP 1.6J Compat\u00edvel com ISO15118 PnC Pedestal 2x7kW 2x22kW Carregador comercial duplo CA para ve\u00edculos el\u00e9tricos"},"content":{"rendered":"<div data-elementor-type=\"product-post\" data-elementor-id=\"2090\" class=\"elementor elementor-2090\" data-elementor-post-type=\"product\">\n\t\t\t\t\t\t<section class=\"elementor-section elementor-top-section elementor-element elementor-element-ad611fe elementor-section-boxed elementor-section-height-default elementor-section-height-default\" data-id=\"ad611fe\" data-element_type=\"section\">\n\t\t\t\t\t\t<div class=\"elementor-container elementor-column-gap-default\">\n\t\t\t\t\t<div class=\"elementor-column elementor-col-100 elementor-top-column elementor-element elementor-element-d1d27b9\" data-id=\"d1d27b9\" data-element_type=\"column\">\n\t\t\t<div class=\"elementor-widget-wrap elementor-element-populated\">\n\t\t\t\t\t\t<div class=\"elementor-element elementor-element-ad559bd elementor-widget elementor-widget-text-editor\" data-id=\"ad559bd\" data-element_type=\"widget\" data-widget_type=\"text-editor.default\">\n\t\t\t\t\t\t\t\t\t<p><strong>Dar tudo o que \u00e9 necess\u00e1rio<\/strong><\/p><p class=\"\">O IOCAP26 \u00e9 um carregador perfeito para o carregamento comercial a ser utilizado em frotas, locais de trabalho, p\u00fablicos, etc. Cada conetor de carregamento pode produzir uma pot\u00eancia m\u00e1xima de 22kW em simult\u00e2neo, melhorando a efici\u00eancia das esta\u00e7\u00f5es de carregamento. O OCPP 1.6J e o OCPP 2.0.1 s\u00e3o totalmente compat\u00edveis, o que facilita a compatibilidade com os principais EV CSMS.<\/p>\t\t\t\t\t\t\t\t<\/div>\n\t\t\t\t\t<\/div>\n\t\t<\/div>\n\t\t\t\t\t<\/div>\n\t\t<\/section>\n\t\t\t\t<section class=\"elementor-section elementor-top-section elementor-element elementor-element-d3b98c9 elementor-section-boxed elementor-section-height-default elementor-section-height-default\" data-id=\"d3b98c9\" data-element_type=\"section\">\n\t\t\t\t\t\t<div class=\"elementor-container elementor-column-gap-default\">\n\t\t\t\t\t<div class=\"elementor-column elementor-col-50 elementor-top-column elementor-element elementor-element-17f2d0d\" data-id=\"17f2d0d\" data-element_type=\"column\">\n\t\t\t<div class=\"elementor-widget-wrap elementor-element-populated\">\n\t\t\t\t\t\t<div class=\"elementor-element elementor-element-0ebcdb9 elementor-widget elementor-widget-text-editor\" data-id=\"0ebcdb9\" data-element_type=\"widget\" data-widget_type=\"text-editor.default\">\n\t\t\t\t\t\t\t\t\t<p><strong>Carater\u00edsticas principais:<\/strong><\/p><ul><li>Compat\u00edvel com todos os autom\u00f3veis e redes el\u00e9ctricas<\/li><li>2 x RCCB Tipo B<\/li><li>2 x Medidor MID<\/li><li>2 x SPD 40KA<\/li><li>Ecr\u00e3 LCD de 7\u201d para um funcionamento f\u00e1cil e intuitivo<\/li><li>Comuta\u00e7\u00e3o inteligente de Ethernet, celular e WLAN<\/li><li>Configura\u00e7\u00e3o flex\u00edvel da corrente\/pot\u00eancia de sa\u00edda<\/li><li>Suporte inteligente de balanceamento de carga din\u00e2mica<\/li><li>Autentica\u00e7\u00e3o do utilizador atrav\u00e9s de RFID ou aplica\u00e7\u00e3o m\u00f3vel<\/li><li>Portal Web de f\u00e1cil utiliza\u00e7\u00e3o para configura\u00e7\u00e3o do carregador<\/li><\/ul>\t\t\t\t\t\t\t\t<\/div>\n\t\t\t\t\t<\/div>\n\t\t<\/div>\n\t\t\t\t<div class=\"elementor-column elementor-col-50 elementor-top-column elementor-element elementor-element-eaa6e3e\" data-id=\"eaa6e3e\" data-element_type=\"column\">\n\t\t\t<div class=\"elementor-widget-wrap elementor-element-populated\">\n\t\t\t\t\t\t<div class=\"elementor-element elementor-element-b51c86a elementor-widget elementor-widget-image\" data-id=\"b51c86a\" data-element_type=\"widget\" data-widget_type=\"image.default\">\n\t\t\t\t\t\t\t\t\t\t\t\t\t\t\t<img fetchpriority=\"high\" decoding=\"async\" width=\"1000\" height=\"1000\" src=\"https:\/\/www.iocharger.com\/wp-content\/uploads\/2023\/05\/ac-dual-connect-ev-charger-3-1.png\" class=\"attachment-full size-full wp-image-5228\" alt=\"\" srcset=\"https:\/\/www.iocharger.com\/wp-content\/uploads\/2023\/05\/ac-dual-connect-ev-charger-3-1.png 1000w, https:\/\/www.iocharger.com\/wp-content\/uploads\/2023\/05\/ac-dual-connect-ev-charger-3-1-150x150.png 150w, https:\/\/www.iocharger.com\/wp-content\/uploads\/2023\/05\/ac-dual-connect-ev-charger-3-1-660x660.png 660w, https:\/\/www.iocharger.com\/wp-content\/uploads\/2023\/05\/ac-dual-connect-ev-charger-3-1-300x300.png 300w, https:\/\/www.iocharger.com\/wp-content\/uploads\/2023\/05\/ac-dual-connect-ev-charger-3-1-768x768.png 768w, https:\/\/www.iocharger.com\/wp-content\/uploads\/2023\/05\/ac-dual-connect-ev-charger-3-1-285x285.png 285w, https:\/\/www.iocharger.com\/wp-content\/uploads\/2023\/05\/ac-dual-connect-ev-charger-3-1-270x270.png 270w, https:\/\/www.iocharger.com\/wp-content\/uploads\/2023\/05\/ac-dual-connect-ev-charger-3-1-540x540.png 540w\" sizes=\"(max-width: 1000px) 100vw, 1000px\" \/>\t\t\t\t\t\t\t\t\t\t\t\t\t\t\t<\/div>\n\t\t\t\t\t<\/div>\n\t\t<\/div>\n\t\t\t\t\t<\/div>\n\t\t<\/section>\n\t\t\t\t<section class=\"elementor-section elementor-top-section elementor-element elementor-element-0264354 elementor-section-boxed elementor-section-height-default elementor-section-height-default\" data-id=\"0264354\" data-element_type=\"section\">\n\t\t\t\t\t\t<div class=\"elementor-container elementor-column-gap-default\">\n\t\t\t\t\t<div class=\"elementor-column elementor-col-50 elementor-top-column elementor-element elementor-element-9676c27\" data-id=\"9676c27\" data-element_type=\"column\">\n\t\t\t<div class=\"elementor-widget-wrap elementor-element-populated\">\n\t\t\t\t\t\t<div class=\"elementor-element elementor-element-ecb532f elementor-widget elementor-widget-image\" data-id=\"ecb532f\" data-element_type=\"widget\" data-widget_type=\"image.default\">\n\t\t\t\t\t\t\t\t\t\t\t\t\t\t\t<img decoding=\"async\" width=\"1000\" height=\"1000\" src=\"https:\/\/www.iocharger.com\/wp-content\/uploads\/2023\/05\/ac-dual-connect-ev-charger-5-1.png\" class=\"attachment-full size-full wp-image-5229\" alt=\"\" srcset=\"https:\/\/www.iocharger.com\/wp-content\/uploads\/2023\/05\/ac-dual-connect-ev-charger-5-1.png 1000w, https:\/\/www.iocharger.com\/wp-content\/uploads\/2023\/05\/ac-dual-connect-ev-charger-5-1-150x150.png 150w, https:\/\/www.iocharger.com\/wp-content\/uploads\/2023\/05\/ac-dual-connect-ev-charger-5-1-660x660.png 660w, https:\/\/www.iocharger.com\/wp-content\/uploads\/2023\/05\/ac-dual-connect-ev-charger-5-1-300x300.png 300w, https:\/\/www.iocharger.com\/wp-content\/uploads\/2023\/05\/ac-dual-connect-ev-charger-5-1-768x768.png 768w, https:\/\/www.iocharger.com\/wp-content\/uploads\/2023\/05\/ac-dual-connect-ev-charger-5-1-285x285.png 285w, https:\/\/www.iocharger.com\/wp-content\/uploads\/2023\/05\/ac-dual-connect-ev-charger-5-1-270x270.png 270w, https:\/\/www.iocharger.com\/wp-content\/uploads\/2023\/05\/ac-dual-connect-ev-charger-5-1-540x540.png 540w\" sizes=\"(max-width: 1000px) 100vw, 1000px\" \/>\t\t\t\t\t\t\t\t\t\t\t\t\t\t\t<\/div>\n\t\t\t\t\t<\/div>\n\t\t<\/div>\n\t\t\t\t<div class=\"elementor-column elementor-col-50 elementor-top-column elementor-element elementor-element-969cdfd\" data-id=\"969cdfd\" data-element_type=\"column\">\n\t\t\t<div class=\"elementor-widget-wrap elementor-element-populated\">\n\t\t\t\t\t\t<div class=\"elementor-element elementor-element-685ad02 elementor-widget elementor-widget-text-editor\" data-id=\"685ad02\" data-element_type=\"widget\" data-widget_type=\"text-editor.default\">\n\t\t\t\t\t\t\t\t\t<p><strong>Carregar dois autom\u00f3veis el\u00e9ctricos em simult\u00e2neo\u00a0<\/strong><\/p><div class=\"text-detail\"><p>Com conectores de carregamento duplos, o IOCAP26 pode carregar 2 carros em simult\u00e2neo e pode ajustar automaticamente o equil\u00edbrio din\u00e2mico da corrente de oferta entre os dois conectores. O design de entrada de energia independente faz com que cada conetor de carregamento funcione separadamente, sem interferir, e cada conetor de carregamento pode produzir uma pot\u00eancia m\u00e1xima de 22kW ao mesmo tempo para um carregamento r\u00e1pido.<\/p><\/div>\t\t\t\t\t\t\t\t<\/div>\n\t\t\t\t\t<\/div>\n\t\t<\/div>\n\t\t\t\t\t<\/div>\n\t\t<\/section>\n\t\t\t\t<section class=\"elementor-section elementor-top-section elementor-element elementor-element-e982974 elementor-section-boxed elementor-section-height-default elementor-section-height-default\" data-id=\"e982974\" data-element_type=\"section\">\n\t\t\t\t\t\t<div class=\"elementor-container elementor-column-gap-default\">\n\t\t\t\t\t<div class=\"elementor-column elementor-col-50 elementor-top-column elementor-element elementor-element-e029a23\" data-id=\"e029a23\" data-element_type=\"column\">\n\t\t\t<div class=\"elementor-widget-wrap elementor-element-populated\">\n\t\t\t\t\t\t<div class=\"elementor-element elementor-element-8c16530 elementor-widget elementor-widget-text-editor\" data-id=\"8c16530\" data-element_type=\"widget\" data-widget_type=\"text-editor.default\">\n\t\t\t\t\t\t\t\t\t<p><strong>Ecr\u00e3 LCD de 7\u2032 de alta resolu\u00e7\u00e3o<\/strong><\/p><p>Todas as informa\u00e7\u00f5es \u00fateis s\u00e3o apresentadas no ecr\u00e3 LCD de 7 polegadas, como o estado do carregador, o estado do carregamento, o c\u00f3digo QR, o carregamento r\u00e1pido e outros conte\u00fados em tempo real. Al\u00e9m disso, tamb\u00e9m reproduz v\u00eddeos, imagens, textos, sons, etc., o que significa que o efeito de exposi\u00e7\u00e3o da esta\u00e7\u00e3o de carregamento pode ser melhorado. O ecr\u00e3 LCD de alta resolu\u00e7\u00e3o e alto brilho permite uma visualiza\u00e7\u00e3o clara mesmo sob luz solar direta.<\/p>\t\t\t\t\t\t\t\t<\/div>\n\t\t\t\t\t<\/div>\n\t\t<\/div>\n\t\t\t\t<div class=\"elementor-column elementor-col-50 elementor-top-column elementor-element elementor-element-f401813\" data-id=\"f401813\" data-element_type=\"column\">\n\t\t\t<div class=\"elementor-widget-wrap elementor-element-populated\">\n\t\t\t\t\t\t<div class=\"elementor-element elementor-element-81b939f elementor-widget elementor-widget-image\" data-id=\"81b939f\" data-element_type=\"widget\" data-widget_type=\"image.default\">\n\t\t\t\t\t\t\t\t\t\t\t\t\t\t\t<img decoding=\"async\" width=\"1000\" height=\"1000\" src=\"https:\/\/www.iocharger.com\/wp-content\/uploads\/2023\/05\/ac-dual-connect-ev-charger-2-1.png\" class=\"attachment-full size-full wp-image-5230\" alt=\"\" srcset=\"https:\/\/www.iocharger.com\/wp-content\/uploads\/2023\/05\/ac-dual-connect-ev-charger-2-1.png 1000w, https:\/\/www.iocharger.com\/wp-content\/uploads\/2023\/05\/ac-dual-connect-ev-charger-2-1-150x150.png 150w, https:\/\/www.iocharger.com\/wp-content\/uploads\/2023\/05\/ac-dual-connect-ev-charger-2-1-660x660.png 660w, https:\/\/www.iocharger.com\/wp-content\/uploads\/2023\/05\/ac-dual-connect-ev-charger-2-1-300x300.png 300w, https:\/\/www.iocharger.com\/wp-content\/uploads\/2023\/05\/ac-dual-connect-ev-charger-2-1-768x768.png 768w, https:\/\/www.iocharger.com\/wp-content\/uploads\/2023\/05\/ac-dual-connect-ev-charger-2-1-285x285.png 285w, https:\/\/www.iocharger.com\/wp-content\/uploads\/2023\/05\/ac-dual-connect-ev-charger-2-1-270x270.png 270w, https:\/\/www.iocharger.com\/wp-content\/uploads\/2023\/05\/ac-dual-connect-ev-charger-2-1-540x540.png 540w\" sizes=\"(max-width: 1000px) 100vw, 1000px\" \/>\t\t\t\t\t\t\t\t\t\t\t\t\t\t\t<\/div>\n\t\t\t\t\t<\/div>\n\t\t<\/div>\n\t\t\t\t\t<\/div>\n\t\t<\/section>\n\t\t\t\t<section class=\"elementor-section elementor-top-section elementor-element elementor-element-0c1443f elementor-section-boxed elementor-section-height-default elementor-section-height-default\" data-id=\"0c1443f\" data-element_type=\"section\">\n\t\t\t\t\t\t<div class=\"elementor-container elementor-column-gap-default\">\n\t\t\t\t\t<div class=\"elementor-column elementor-col-50 elementor-top-column elementor-element elementor-element-d6ae640\" data-id=\"d6ae640\" data-element_type=\"column\">\n\t\t\t<div class=\"elementor-widget-wrap elementor-element-populated\">\n\t\t\t\t\t\t<div class=\"elementor-element elementor-element-a1a476f elementor-widget elementor-widget-image\" data-id=\"a1a476f\" data-element_type=\"widget\" data-widget_type=\"image.default\">\n\t\t\t\t\t\t\t\t\t\t\t\t\t\t\t<img loading=\"lazy\" decoding=\"async\" width=\"1000\" height=\"1000\" src=\"https:\/\/www.iocharger.com\/wp-content\/uploads\/2023\/05\/ac-dual-connect-ev-charger-1-1-1.png\" class=\"attachment-full size-full wp-image-5666\" alt=\"\" srcset=\"https:\/\/www.iocharger.com\/wp-content\/uploads\/2023\/05\/ac-dual-connect-ev-charger-1-1-1.png 1000w, https:\/\/www.iocharger.com\/wp-content\/uploads\/2023\/05\/ac-dual-connect-ev-charger-1-1-1-150x150.png 150w, https:\/\/www.iocharger.com\/wp-content\/uploads\/2023\/05\/ac-dual-connect-ev-charger-1-1-1-660x660.png 660w, https:\/\/www.iocharger.com\/wp-content\/uploads\/2023\/05\/ac-dual-connect-ev-charger-1-1-1-300x300.png 300w, https:\/\/www.iocharger.com\/wp-content\/uploads\/2023\/05\/ac-dual-connect-ev-charger-1-1-1-768x768.png 768w, https:\/\/www.iocharger.com\/wp-content\/uploads\/2023\/05\/ac-dual-connect-ev-charger-1-1-1-285x285.png 285w, https:\/\/www.iocharger.com\/wp-content\/uploads\/2023\/05\/ac-dual-connect-ev-charger-1-1-1-270x270.png 270w, https:\/\/www.iocharger.com\/wp-content\/uploads\/2023\/05\/ac-dual-connect-ev-charger-1-1-1-540x540.png 540w\" sizes=\"(max-width: 1000px) 100vw, 1000px\" \/>\t\t\t\t\t\t\t\t\t\t\t\t\t\t\t<\/div>\n\t\t\t\t\t<\/div>\n\t\t<\/div>\n\t\t\t\t<div class=\"elementor-column elementor-col-50 elementor-top-column elementor-element elementor-element-4288046\" data-id=\"4288046\" data-element_type=\"column\">\n\t\t\t<div class=\"elementor-widget-wrap elementor-element-populated\">\n\t\t\t\t\t\t<div class=\"elementor-element elementor-element-f4fad42 elementor-widget elementor-widget-text-editor\" data-id=\"f4fad42\" data-element_type=\"widget\" data-widget_type=\"text-editor.default\">\n\t\t\t\t\t\t\t\t\t<p><strong>Totalmente em conformidade com a OCPP<\/strong><\/p><p>Como membro da OCA(OCPP) &amp; OCPI, os nossos carregadores EV est\u00e3o sempre integrados com o mais recente protocolo OCPP, incluindo OCPP 1.6J e OCPP 2.0.1, o que significa que pode facilmente lig\u00e1-lo a qualquer OCPP CCMS de terceiros para monitoriza\u00e7\u00e3o e gest\u00e3o remota.<\/p><p><strong>Suporte ao balanceamento din\u00e2mico de carga<\/strong><\/p><p>Totalmente compat\u00edvel com a instala\u00e7\u00e3o solar e o sistema de armazenamento de baterias. Equilibra dinamicamente a energia entre a esta\u00e7\u00e3o de carregamento com base na situa\u00e7\u00e3o de energia em tempo real, para garantir que nunca haja falhas devido a sobrecarga.<\/p>\t\t\t\t\t\t\t\t<\/div>\n\t\t\t\t\t<\/div>\n\t\t<\/div>\n\t\t\t\t\t<\/div>\n\t\t<\/section>\n\t\t\t\t<\/div>","protected":false},"excerpt":{"rendered":"<div class=\"pro_main_text clearfix\">\n<div class=\"pro_main_text clearfix\">\n<div class=\"pro_main_text clearfix\">\n<div class=\"pro_main_text clearfix\">\n<p class=\"\">O carregador duplo Pedestal AC foi concebido para o funcionamento comercial.<\/p>\n<\/div>\n<ul class=\"clearfix\">\n<li>Classifica\u00e7\u00e3o de entrada: 1-fase 230V\u00b120% ; 3-fase 400V\u00b120%<\/li>\n<li>Classifica\u00e7\u00e3o de sa\u00edda: 1-fase 2 x 7kW 32A; 3-fase 2 x 22kW 32A<\/li>\n<li>RCD interno: 2 x RCCB tipo B<\/li>\n<li>Ecr\u00e3: LCD DE 7 POLEGADAS<\/li>\n<li>Medidor: 2 x medidor MID<\/li>\n<li>Certificado: CE, PTB (Eichrecht)<\/li>\n<li>Interface de rede: Ethernet\/ WiFi\/ Liga\u00e7\u00e3o \u00e0 Internet inteligente 4G<\/li>\n<li>OCPP: suporte completo de perfis OCPP 1.6J\/ OCPP 2.0.1<\/li>\n<li>Plug&amp;Charge ISO15118: Atualiz\u00e1vel<\/li>\n<li>Prote\u00e7\u00e3o contra a entrada: IP55<\/li>\n<li>Dimens\u00f5es de envio: 1530 x 450 x 320 mm<\/li>\n<li>Interface de carregamento: Cabo SAE J1772 e Tipo-2\/ Tomada Tipo-2\/ Tomada T2S com obturador<\/li>\n<li>Tipo de montagem: Ch\u00e3o<\/li>\n<\/ul>\n<\/div>\n<\/div>\n<\/div>","protected":false},"featured_media":8714,"template":"","meta":{"_acf_changed":false},"product_brand":[],"product_cat":[61],"product_tag":[72,73,74],"class_list":{"0":"post-2090","1":"product","2":"type-product","3":"status-publish","4":"has-post-thumbnail","6":"product_cat-commercial-ev-charger","7":"product_tag-2x22kw-workplace-ev-charging-station","8":"product_tag-2x7kw-commercial-ev-charger","9":"product_tag-smart-level-2-commercial-ev-charger","11":"first","12":"instock","13":"shipping-taxable","14":"product-type-simple"},"acf":[],"_links":{"self":[{"href":"https:\/\/www.iocharger.com\/pt\/wp-json\/wp\/v2\/product\/2090","targetHints":{"allow":["GET"]}}],"collection":[{"href":"https:\/\/www.iocharger.com\/pt\/wp-json\/wp\/v2\/product"}],"about":[{"href":"https:\/\/www.iocharger.com\/pt\/wp-json\/wp\/v2\/types\/product"}],"version-history":[{"count":0,"href":"https:\/\/www.iocharger.com\/pt\/wp-json\/wp\/v2\/product\/2090\/revisions"}],"wp:featuredmedia":[{"embeddable":true,"href":"https:\/\/www.iocharger.com\/pt\/wp-json\/wp\/v2\/media\/8714"}],"wp:attachment":[{"href":"https:\/\/www.iocharger.com\/pt\/wp-json\/wp\/v2\/media?parent=2090"}],"wp:term":[{"taxonomy":"product_brand","embeddable":true,"href":"https:\/\/www.iocharger.com\/pt\/wp-json\/wp\/v2\/product_brand?post=2090"},{"taxonomy":"product_cat","embeddable":true,"href":"https:\/\/www.iocharger.com\/pt\/wp-json\/wp\/v2\/product_cat?post=2090"},{"taxonomy":"product_tag","embeddable":true,"href":"https:\/\/www.iocharger.com\/pt\/wp-json\/wp\/v2\/product_tag?post=2090"}],"curies":[{"name":"wp","href":"https:\/\/api.w.org\/{rel}","templated":true}]}}